{"id":44,"date":"2020-09-10T08:41:57","date_gmt":"2020-09-10T08:41:57","guid":{"rendered":"https:\/\/gassclavat.com\/?page_id=44"},"modified":"2020-09-15T11:05:31","modified_gmt":"2020-09-15T11:05:31","slug":"avis-legal","status":"publish","type":"page","link":"https:\/\/gassclavat.com\/index.php\/avis-legal\/","title":{"rendered":"Av\u00eds legal"},"content":{"rendered":"<p>[et_pb_section fb_built=\u00bb1&#8243; _builder_version=\u00bb4.5.1&#8243; _module_preset=\u00bbdefault\u00bb custom_margin=\u00bb0px|0px|0px|0px|false|false\u00bb custom_padding=\u00bb0px|0px|0px|0px|false|false\u00bb hover_enabled=\u00bb0&#8243; background_color=\u00bbrgba(0,0,0,0)\u00bb][et_pb_row _builder_version=\u00bb4.5.1&#8243; _module_preset=\u00bbdefault\u00bb custom_padding=\u00bb50px||50px|||\u00bb][et_pb_column _builder_version=\u00bb4.5.1&#8243; _module_preset=\u00bbdefault\u00bb type=\u00bb4_4&#8243;][et_pb_text _builder_version=\u00bb4.5.1&#8243; _module_preset=\u00bbdefault\u00bb hover_enabled=\u00bb0&#8243; text_font_size=\u00bb16px\u00bb text_line_height=\u00bb1.4em\u00bb header_font=\u00bbTeko||||||||\u00bb header_text_color=\u00bb#000000&#8243; header_2_font=\u00bbTeko||||||||\u00bb header_2_font_size=\u00bb35px\u00bb header_font_size=\u00bb40px\u00bb header_3_font=\u00bbTeko||||||||\u00bb header_3_font_size=\u00bb30px\u00bb width=\u00bb80%\u00bb max_width=\u00bb1050px\u00bb module_alignment=\u00bbcenter\u00bb text_orientation=\u00bbjustified\u00bb text_text_color=\u00bb#999999&#8243; header_2_text_color=\u00bb#000000&#8243; header_3_text_color=\u00bb#000000&#8243;]<\/p>\n<h1 class=\"p1\"><span class=\"s1\">Av\u00eds legal web<\/span><\/h1>\n<h2><span class=\"s1\">Titularitat de la p\u00e0gina web<\/span><\/h2>\n<p class=\"p1\"><span class=\"s1\">Les presents Condicions (d&#8217;ara endavant denominades AVIS LEGAL) tenen per objecte regular l&#8217;\u00fas de l&#8217;servei de portal, aix\u00ed com de la resta de webs titularitat de GASS CLAVAT, S.L. (En endavant, L&#8217;EMPRESA), si us plau dediqui uns minuts a llegir-les. Aquesta p\u00e0gina Web \u00e9s propietat de GASS CLAVAT, S.L., amb NIF: B-66196924 i domicili social situat al C \/ Bobinadora, 17, 08302 Matar\u00f3 (Barcelona). Inscrita en el Registre Mercantil de Barcelona, \u200b\u200bTom 44089, Foli 105, Full 446651. El 2014.01.09. Per a qualsevol consulta, contacteu-nos trucant a al tel\u00e8fon 93.611 07 07 o per correu electr\u00f2nic a info@ssvgass.com La utilitzaci\u00f3 del web atribueix la condici\u00f3 d&#8217;USUARI i implica l&#8217;acceptaci\u00f3 expressa, plena i sense reserva de totes les condicions i termes d&#8217;\u00fas incloses en aquest Av\u00eds Legal. La prestaci\u00f3 de servei de la web t\u00e9 una durada limitada a el moment en que l&#8217;usuari es trobi connectat a la mateixa. Per tant, L&#8217;USUARI ha de llegir atentament el present Av\u00eds Legal en cadascuna de les ocasions en qu\u00e8 es proposi utilitzar la Web, ja que aquest i les seves condicions d&#8217;\u00fas recollides en el present Av\u00eds Legal poden patir modificacions.<\/span><\/p>\n<h2 class=\"p1\"><span class=\"s1\">Drets de Propietat intel\u00b7lectual i industrial<\/span><\/h2>\n<p class=\"p1\"><span class=\"s1\">Tots els continguts d&#8217;aquesta web, entenent per aquests a t\u00edtol merament enunciatiu els textos, fotos, gr\u00e0fics, imatges, icones, links i qualsevol altres continguts audiovisuals o sonors, aix\u00ed com el seu disseny gr\u00e0fic (en endavant, els CONTINGUTS), s\u00f3n propietat intel\u00b7lectual de l&#8217;EMPRESA o de tercers que han autoritzat degudament la seva inclusi\u00f3 a la web, sense que puguin entendre cedits a l&#8217;usuari cap dels drets d&#8217;explotaci\u00f3 sobre els mateixos m\u00e9s enll\u00e0 de l&#8217;estrictament necessari per al correcte \u00fas de la web. Les marques, noms comercials o signes distintius s\u00f3n titularitat de L&#8217;EMPRESA o tercers, sense que pugui entendre que l&#8217;acc\u00e9s a la Web atribueixi cap dret sobre les esmentades marques, noms comercials i \/ o signes distintius.<\/span><\/p>\n<h2 class=\"p1\"><span class=\"s1\">Condicions d&#8217;\u00fas de la web<\/span><\/h2>\n<h3 class=\"p1\"><span class=\"s1\">Sobre l&#8217;\u00fas<\/span><\/h3>\n<p class=\"p1\"><span class=\"s1\">L&#8217;usuari s&#8217;obliga a fer un \u00fas correcte del web de conformitat amb la Llei i el present Av\u00eds Legal. L&#8217;usuari respondr\u00e0 davant l&#8217;EMPRESA o davant de tercers, de qualssevol danys i perjudicis que poguessin causar com a conseq\u00fc\u00e8ncia de l&#8217;incompliment d&#8217;aquesta obligaci\u00f3. Queda expressament prohibit l&#8217;\u00fas del Web amb finalitats lesives de b\u00e9ns o interessos de L&#8217;EMPRESA o de tercers o que de qualsevol altra forma sobrecarreguin, danyin o inutilitzin les xarxes, servidors i altres equips inform\u00e0tics (maquinari) o productes i aplicacions inform\u00e0tiques (programari ) de L&#8217;EMPRESA o de tercers.<\/span><\/p>\n<h3 class=\"p1\"><span class=\"s1\">Sobre els Continguts<\/span><\/h3>\n<p class=\"p1\"><span class=\"s1\">L&#8217;usuari es compromet a utilitzar els Continguts de conformitat amb la Llei i el present Av\u00eds Legal, aix\u00ed com amb les altres condicions, reglaments i instruccions que, si s&#8217;escau puguin ser aplicables de conformitat amb el que disposa l&#8217;apartat 1. Amb car\u00e0cter merament enunciatiu, l&#8217;USUARI d&#8217;acord amb la legislaci\u00f3 vigent haur\u00e0 d&#8217;abstenir de:<\/span><\/p>\n<ul>\n<li class=\"p1\"><span class=\"s1\">Reproduir, copiar, distribuir, posar a disposici\u00f3, comunicar p\u00fablicament, transformar o modificar els Continguts excepte en els casos autoritzats en la llei o expressament consentits per L&#8217;EMPRESA o per qui ostenti la titularitat dels drets d&#8217;explotaci\u00f3 si \u00e9s el cas.<\/span><\/li>\n<li class=\"p1\"><span class=\"s1\">Reproduir o copiar per a \u00fas privat els Continguts que puguin ser considerats com a Programari o Base de Dades de conformitat amb la legislaci\u00f3 vigent en mat\u00e8ria de propietat intel\u00b7lectual, aix\u00ed com la seva comunicaci\u00f3 p\u00fablica o posada a disposici\u00f3 de tercers quan aquests actes impliquin necess\u00e0riament la reproducci\u00f3 per part de l&#8217;usuari o d&#8217;un tercer.<\/span><\/li>\n<li class=\"p1\"><span class=\"s1\">Extreure i \/ o reutilitzar la totalitat o una part substancial dels Continguts integrants de la web aix\u00ed com de les bases de dades que L&#8217;EMPRESA posi a disposici\u00f3 dels USUARIS.<\/span><\/li>\n<\/ul>\n<h3 class=\"p1\"><span class=\"s1\">Sobre el formulari de recollida de dades<\/span><\/h3>\n<p class=\"p1\"><span class=\"s1\">Tota la informaci\u00f3 que faciliti L&#8217;USUARI a trav\u00e9s dels formularis de la web als efectes anteriors o qualsevol altre haur\u00e0 de ser certa. A aquests efectes, L&#8217;USUARI garanteix l&#8217;autenticitat de totes aquelles dades que comuniqui i mantindr\u00e0 la informaci\u00f3 facilitada a L&#8217;EMPRESA perfectament actualitzada de manera que respongui, en tot moment, a la situaci\u00f3 real de l&#8217;usuari. En tot cas ser\u00e0 L&#8217;USUARI l&#8217;\u00fanic responsable de les manifestacions falses o inexactes que realitzi i dels perjudicis que causi a L&#8217;EMPRESA o a tercers per la informaci\u00f3 que faciliti. L&#8217;usuari es compromet a custodiar adequadament les dades identificatives (Usuari \/ Contrasenya) per a l&#8217;acc\u00e9s als serveis oferts a la web, comprometent-se a no cedir el seu \u00fas ni a permetre l&#8217;acc\u00e9s a tercers. L&#8217;USUARI ser\u00e0 responsable pels danys i perjudicis que es puguin derivar d&#8217;un \u00fas indegut dels mateixos.<\/span><\/p>\n<h2 class=\"p1\"><span class=\"s1\">Exclusi\u00f3 de responsabilitat<\/span><\/h2>\n<h3 class=\"p1\"><span class=\"s1\">Sobre la Informaci\u00f3<\/span><\/h3>\n<p class=\"p1\"><span class=\"s1\">L&#8217;acc\u00e9s a la web no implica de cap manera l&#8217;obligaci\u00f3 per part de l&#8217;EMPRESA de comprovar la veracitat, exactitud, adequaci\u00f3, idone\u00eftat, exhaustivitat i actualitat de les dades subministrades a trav\u00e9s de la mateixa. L&#8217;EMPRESA no es responsabilitza de les decisions preses a partir de la informaci\u00f3 subministrada al web ni dels danys i perjudicis produ\u00efts en l&#8217;Usuari o tercers amb motiu d&#8217;actuacions que tinguin com a \u00fanic fonament la informaci\u00f3 obtinguda a la web.<\/span><\/p>\n<h3 class=\"p1\"><span class=\"s1\">Dels serveis<\/span><\/h3>\n<p class=\"p1\"><span class=\"s1\">L&#8217;acc\u00e9s a la web no implica l&#8217;obligaci\u00f3 per part de l&#8217;EMPRESA de controlar l&#8217;abs\u00e8ncia de virus o qualsevol altre programa o sistema nociu. Corresponent a l&#8217;USUARI la disponibilitat d&#8217;eines adequades per a la detecci\u00f3 i desinfecci\u00f3 de programes inform\u00e0tics nocius. L&#8217;EMPRESA no es responsabilitza dels danys produ\u00efts en els equips inform\u00e0tics dels USUARIS o de tercers durant la prestaci\u00f3 de servei de la web. L&#8217;establiment d&#8217;enlla\u00e7os no implica l&#8217;exist\u00e8ncia de relacions entre L&#8217;EMPRESA i el propietari de la p\u00e0gina web en la qual s&#8217;estableixi.<\/span><\/p>\n<h3 class=\"p1\"><span class=\"s1\">De la disponibilitat del Web<\/span><\/h3>\n<p class=\"p1\"><span class=\"s1\">L&#8217;acc\u00e9s a la web requereix de serveis i subministraments de tercers, inclosos el transport a trav\u00e9s de xarxes de telecomunicacions la fiabilitat, qualitat, continu\u00eftat i funcionament no correspon a L&#8217;EMPRESA. Per tant, els serveis prove\u00efts a trav\u00e9s del web poden ser suspesos, cancel\u00b7lats o resultar inaccessibles per als USUARIS. L&#8217;EMPRESA no es responsabilitza dels danys o perjudicis de qualsevol tipus produ\u00efts a l&#8217;USUARI que portin causa de fallades o desconnexions a les xarxes de telecomunicacions que produeixin la suspensi\u00f3, cancel\u00b7laci\u00f3 o interrupci\u00f3 de servei de la web durant la prestaci\u00f3 d&#8217;aquest o amb car\u00e0cter previ . L&#8217;EMPRESA queda exonerada de qualsevol responsabilitat derivada de qualsevol reclamaci\u00f3, incl\u00f2s el pagament d&#8217;honoraris a advocats per demandes i reclamacions de tercers per l&#8217;incompliment per part de l&#8217;USUARI del nostre Av\u00eds Legal, Pol\u00edtica de privacitat o per qualsevol incompliment de la legislaci\u00f3 vigent.<\/span><\/p>\n<h2 class=\"p1\"><span class=\"s1\">Protecci\u00f3 de dades de car\u00e0cter personal<\/span><\/h2>\n<p class=\"p1\"><span class=\"s1\">A trav\u00e9s del seu web, GASS CLAVAT, S.L. posa a disposici\u00f3 dels USUARIS formularis de contacte, mitjan\u00e7ant els quals, els interessats ens envien les seves dades personals, amb la finalitat que puguem gestionar les seves consultes o sol\u00b7licituds d&#8217;informaci\u00f3, relacionada amb les nostres ofertes de treball i amb els diversos productes i serveis oferts per GASS CLAVAT, SL Mitjan\u00e7ant aquesta via de comunicaci\u00f3 L&#8217;USUARI facilita les seves dades de car\u00e0cter personal i requereix l&#8217;acceptaci\u00f3 expressa de la nostra Pol\u00edtica de privacitat (consultar per a m\u00e9s informaci\u00f3), L&#8217;USUARI garanteix que les dades que ens facilita s\u00f3n veraces. L&#8217;EMPRESA guardar\u00e0 les dades personals que rebi dels USUARIS a trav\u00e9s de la p\u00e0gina web en total secret, garantint la seva confidencialitat, i adoptar\u00e0 les mesures t\u00e8cniques necess\u00e0ries per evitar qualsevol alteraci\u00f3, p\u00e8rdua, mal \u00fas, o acc\u00e9s no autoritzat a aquestes dades. Aix\u00ed mateix, aquestes dades no seran cedides, ni es donar\u00e0 acc\u00e9s a terceres persones sense autoritzaci\u00f3 expressa dels titulars dels mateixos. \u00danicament es comunicaran les seves dades a terceres empreses, si la seva intervenci\u00f3 \u00e9s necess\u00e0ria per satisfer la sol\u00b7licitud que Un. Ens ha enviat.<\/span><\/p>\n<h2 class=\"p1\"><span class=\"s1\">Pol\u00edtica de cookies<\/span><\/h2>\n<p class=\"p1\"><span class=\"s1\">Per a m\u00e9s informaci\u00f3 podeu consultar la nostra pol\u00edtica de cookies.<\/span><\/p>\n<h2 class=\"p1\"><span class=\"s1\">\u00das de menors de 14 anys<\/span><\/h2>\n<p class=\"p1\"><span class=\"s1\">La present web NO est\u00e0 dirigida a menors de 14 anys, en conseq\u00fc\u00e8ncia, s&#8217;han d&#8217;abstenir de facilitar qualsevol informaci\u00f3 de car\u00e0cter personal.<\/span><\/p>\n<h2 class=\"p1\"><span class=\"s1\">Legislaci\u00f3 aplicable<\/span><\/h2>\n<p class=\"p1\"><span class=\"s1\">El present Av\u00eds Legal i les seves conseq\u00fc\u00e8ncies es regiran en tot cas per la legislaci\u00f3 espanyola que estigui en vigor en cada moment. En el cas que es produeixi qualsevol tipus de discrep\u00e0ncia o difer\u00e8ncia entre les parts, es sotmetran als Jutjats i Tribunals de Barcelona.<\/span><\/p>\n<p class=\"p4\">\n[\/et_pb_text][\/et_pb_column][\/et_pb_row][\/et_pb_section]<\/p>\n","protected":false},"excerpt":{"rendered":"<p>[et_pb_section fb_built=\u00bb1&#8243; _builder_version=\u00bb4.5.1&#8243; _module_preset=\u00bbdefault\u00bb custom_margin=\u00bb0px|0px|0px|0px|false|false\u00bb custom_padding=\u00bb0px|0px|0px|0px|false|false\u00bb hover_enabled=\u00bb0&#8243; background_color=\u00bbrgba(0,0,0,0)\u00bb][et_pb_row _builder_version=\u00bb4.5.1&#8243; _module_preset=\u00bbdefault\u00bb custom_padding=\u00bb50px||50px|||\u00bb][et_pb_column _builder_version=\u00bb4.5.1&#8243; _module_preset=\u00bbdefault\u00bb type=\u00bb4_4&#8243;][et_pb_text _builder_version=\u00bb4.5.1&#8243; _module_preset=\u00bbdefault\u00bb hover_enabled=\u00bb0&#8243; text_font_size=\u00bb16px\u00bb text_line_height=\u00bb1.4em\u00bb header_font=\u00bbTeko||||||||\u00bb header_text_color=\u00bb#000000&#8243; header_2_font=\u00bbTeko||||||||\u00bb header_2_font_size=\u00bb35px\u00bb header_font_size=\u00bb40px\u00bb header_3_font=\u00bbTeko||||||||\u00bb header_3_font_size=\u00bb30px\u00bb width=\u00bb80%\u00bb max_width=\u00bb1050px\u00bb module_alignment=\u00bbcenter\u00bb text_orientation=\u00bbjustified\u00bb text_text_color=\u00bb#999999&#8243; header_2_text_color=\u00bb#000000&#8243; header_3_text_color=\u00bb#000000&#8243;] Av\u00eds legal web Titularitat de la p\u00e0gina web Les presents Condicions (d&#8217;ara endavant denominades AVIS LEGAL) tenen per objecte regular l&#8217;\u00fas de [&hellip;]<\/p>\n","protected":false},"author":3,"featured_media":0,"parent":0,"menu_order":0,"comment_status":"closed","ping_status":"closed","template":"","meta":{"_et_pb_use_builder":"on","_et_pb_old_content":"","_et_gb_content_width":""},"_links":{"self":[{"href":"https:\/\/gassclavat.com\/index.php\/wp-json\/wp\/v2\/pages\/44"}],"collection":[{"href":"https:\/\/gassclavat.com\/index.php\/wp-json\/wp\/v2\/pages"}],"about":[{"href":"https:\/\/gassclavat.com\/index.php\/wp-json\/wp\/v2\/types\/page"}],"author":[{"embeddable":true,"href":"https:\/\/gassclavat.com\/index.php\/wp-json\/wp\/v2\/users\/3"}],"replies":[{"embeddable":true,"href":"https:\/\/gassclavat.com\/index.php\/wp-json\/wp\/v2\/comments?post=44"}],"version-history":[{"count":3,"href":"https:\/\/gassclavat.com\/index.php\/wp-json\/wp\/v2\/pages\/44\/revisions"}],"predecessor-version":[{"id":49,"href":"https:\/\/gassclavat.com\/index.php\/wp-json\/wp\/v2\/pages\/44\/revisions\/49"}],"wp:attachment":[{"href":"https:\/\/gassclavat.com\/index.php\/wp-json\/wp\/v2\/media?parent=44"}],"curies":[{"name":"wp","href":"https:\/\/api.w.org\/{rel}","templated":true}]}}